{"id":1731,"date":"2019-03-24T14:27:00","date_gmt":"2019-03-24T13:27:00","guid":{"rendered":"http:\/\/www.akaflieg.vo.tum.de\/bugs\/?page_id=1731"},"modified":"2019-07-13T13:56:26","modified_gmt":"2019-07-13T11:56:26","slug":"mue-28-1983","status":"publish","type":"page","link":"https:\/\/www.akaflieg.vo.tum.de\/en\/mue-28-1983\/","title":{"rendered":"M\u00fc 28 (1983)"},"content":{"rendered":"<div data-elementor-type=\"wp-post\" data-elementor-id=\"1731\" class=\"elementor elementor-1731\">\n\t\t\t\t\t\t<section class=\"elementor-section elementor-top-section elementor-element elementor-element-e42195d elementor-section-boxed elementor-section-height-default elementor-section-height-default\" data-id=\"e42195d\" data-element_type=\"section\" data-e-type=\"section\">\n\t\t\t\t\t\t<div class=\"elementor-container elementor-column-gap-default\">\n\t\t\t\t\t<div class=\"elementor-column elementor-col-50 elementor-top-column elementor-element elementor-element-1f2659f\" data-id=\"1f2659f\" data-element_type=\"column\" data-e-type=\"column\">\n\t\t\t<div class=\"elementor-widget-wrap elementor-element-populated\">\n\t\t\t\t\t\t<div class=\"elementor-element elementor-element-a99fe77 elementor-widget elementor-widget-text-editor\" data-id=\"a99fe77\" data-element_type=\"widget\" data-e-type=\"widget\" data-widget_type=\"text-editor.default\">\n\t\t\t\t<div class=\"elementor-widget-container\">\n\t\t\t\t\t\t\t\t\t<p>K\u00f6nigsdorf, Segelfluggel\u00e4nde: Es ist Sonntagvormittag gegen 11 Uhr, der Funk kr\u00e4chzt und man h\u00f6rt: \u201eAlles frei, du kannst anfangen\u201c.\u00a0 Kurz nach dieser Meldung kann man sie sehen, wie sie sich mit atemberaubenden Figuren Richtung Erdboden schraubt und nur die Leistung des Piloten ihr Grenzen setzt. Die Rede ist hier nat\u00fcrlich von unserer M\u00fc 28, dem wohl besten Segelkunstflugzeug der Welt.<\/p>\t\t\t\t\t\t\t\t<\/div>\n\t\t\t\t<\/div>\n\t\t\t\t\t<\/div>\n\t\t<\/div>\n\t\t\t\t<div class=\"elementor-column elementor-col-50 elementor-top-column elementor-element elementor-element-7e55031\" data-id=\"7e55031\" data-element_type=\"column\" data-e-type=\"column\">\n\t\t\t<div class=\"elementor-widget-wrap elementor-element-populated\">\n\t\t\t\t\t\t<div class=\"elementor-element elementor-element-bb319d3 elementor-widget elementor-widget-image\" data-id=\"bb319d3\" data-element_type=\"widget\" data-e-type=\"widget\" data-widget_type=\"image.default\">\n\t\t\t\t<div class=\"elementor-widget-container\">\n\t\t\t\t\t\t\t\t\t\t\t\t\t\t\t<img fetchpriority=\"high\" decoding=\"async\" data-attachment-id=\"1661\" data-permalink=\"https:\/\/www.akaflieg.vo.tum.de\/en\/mue28-15-2\/\" data-orig-file=\"https:\/\/i0.wp.com\/www.akaflieg.vo.tum.de\/wp-content\/uploads\/2019\/03\/MUE28-15-2.jpg?fit=886%2C608&amp;ssl=1\" data-orig-size=\"886,608\" data-comments-opened=\"1\" data-image-meta=\"{&quot;aperture&quot;:&quot;0&quot;,&quot;credit&quot;:&quot;&quot;,&quot;camera&quot;:&quot;&quot;,&quot;caption&quot;:&quot;&quot;,&quot;created_timestamp&quot;:&quot;0&quot;,&quot;copyright&quot;:&quot;&quot;,&quot;focal_length&quot;:&quot;0&quot;,&quot;iso&quot;:&quot;0&quot;,&quot;shutter_speed&quot;:&quot;0&quot;,&quot;title&quot;:&quot;&quot;,&quot;orientation&quot;:&quot;0&quot;}\" data-image-title=\"MUE28-15-2\" data-image-description=\"\" data-image-caption=\"&lt;p&gt;M\u00fc28&lt;\/p&gt;\" data-large-file=\"https:\/\/i0.wp.com\/www.akaflieg.vo.tum.de\/wp-content\/uploads\/2019\/03\/MUE28-15-2.jpg?fit=886%2C608&amp;ssl=1\" width=\"768\" height=\"527\" src=\"https:\/\/i0.wp.com\/www.akaflieg.vo.tum.de\/wp-content\/uploads\/2019\/03\/MUE28-15-2.jpg?fit=768%2C527&amp;ssl=1\" class=\"attachment-medium_large size-medium_large wp-image-1661\" alt=\"\" srcset=\"https:\/\/i0.wp.com\/www.akaflieg.vo.tum.de\/wp-content\/uploads\/2019\/03\/MUE28-15-2.jpg?w=886&amp;ssl=1 886w, https:\/\/i0.wp.com\/www.akaflieg.vo.tum.de\/wp-content\/uploads\/2019\/03\/MUE28-15-2.jpg?resize=300%2C206&amp;ssl=1 300w, https:\/\/i0.wp.com\/www.akaflieg.vo.tum.de\/wp-content\/uploads\/2019\/03\/MUE28-15-2.jpg?resize=768%2C527&amp;ssl=1 768w, https:\/\/i0.wp.com\/www.akaflieg.vo.tum.de\/wp-content\/uploads\/2019\/03\/MUE28-15-2.jpg?resize=18%2C12&amp;ssl=1 18w, https:\/\/i0.wp.com\/www.akaflieg.vo.tum.de\/wp-content\/uploads\/2019\/03\/MUE28-15-2.jpg?resize=600%2C412&amp;ssl=1 600w\" sizes=\"100vw\" \/>\t\t\t\t\t\t\t\t\t\t\t\t\t\t\t<\/div>\n\t\t\t\t<\/div>\n\t\t\t\t\t<\/div>\n\t\t<\/div>\n\t\t\t\t\t<\/div>\n\t\t<\/section>\n\t\t\t\t<section class=\"elementor-section elementor-top-section elementor-element elementor-element-9e28b7a elementor-section-boxed elementor-section-height-default elementor-section-height-default\" data-id=\"9e28b7a\" data-element_type=\"section\" data-e-type=\"section\">\n\t\t\t\t\t\t<div class=\"elementor-container elementor-column-gap-default\">\n\t\t\t\t\t<div class=\"elementor-column elementor-col-100 elementor-top-column elementor-element elementor-element-e28abc4\" data-id=\"e28abc4\" data-element_type=\"column\" data-e-type=\"column\">\n\t\t\t<div class=\"elementor-widget-wrap elementor-element-populated\">\n\t\t\t\t\t\t\t<\/div>\n\t\t<\/div>\n\t\t\t\t\t<\/div>\n\t\t<\/section>\n\t\t\t\t<section class=\"elementor-section elementor-top-section elementor-element elementor-element-04a9d99 elementor-section-boxed elementor-section-height-default elementor-section-height-default\" data-id=\"04a9d99\" data-element_type=\"section\" data-e-type=\"section\">\n\t\t\t\t\t\t<div class=\"elementor-container elementor-column-gap-default\">\n\t\t\t\t\t<div class=\"elementor-column elementor-col-50 elementor-top-column elementor-element elementor-element-46a6179\" data-id=\"46a6179\" data-element_type=\"column\" data-e-type=\"column\">\n\t\t\t<div class=\"elementor-widget-wrap elementor-element-populated\">\n\t\t\t\t\t\t<div class=\"elementor-element elementor-element-283dafe elementor-widget elementor-widget-image\" data-id=\"283dafe\" data-element_type=\"widget\" data-e-type=\"widget\" data-widget_type=\"image.default\">\n\t\t\t\t<div class=\"elementor-widget-container\">\n\t\t\t\t\t\t\t\t\t\t\t\t\t\t\t<img decoding=\"async\" data-attachment-id=\"1732\" data-permalink=\"https:\/\/www.akaflieg.vo.tum.de\/en\/mue-28-1983\/m_28-p10\/\" data-orig-file=\"https:\/\/i0.wp.com\/www.akaflieg.vo.tum.de\/wp-content\/uploads\/2019\/03\/M_28-P10.jpg?fit=481%2C369&amp;ssl=1\" data-orig-size=\"481,369\" data-comments-opened=\"1\" data-image-meta=\"{&quot;aperture&quot;:&quot;0&quot;,&quot;credit&quot;:&quot;&quot;,&quot;camera&quot;:&quot;&quot;,&quot;caption&quot;:&quot;&quot;,&quot;created_timestamp&quot;:&quot;0&quot;,&quot;copyright&quot;:&quot;&quot;,&quot;focal_length&quot;:&quot;0&quot;,&quot;iso&quot;:&quot;0&quot;,&quot;shutter_speed&quot;:&quot;0&quot;,&quot;title&quot;:&quot;&quot;,&quot;orientation&quot;:&quot;0&quot;}\" data-image-title=\"M_28-P10\" data-image-description=\"\" data-image-caption=\"\" data-large-file=\"https:\/\/i0.wp.com\/www.akaflieg.vo.tum.de\/wp-content\/uploads\/2019\/03\/M_28-P10.jpg?fit=481%2C369&amp;ssl=1\" width=\"481\" height=\"369\" src=\"https:\/\/i0.wp.com\/www.akaflieg.vo.tum.de\/wp-content\/uploads\/2019\/03\/M_28-P10.jpg?fit=481%2C369&amp;ssl=1\" class=\"attachment-large size-large wp-image-1732\" alt=\"\" srcset=\"https:\/\/i0.wp.com\/www.akaflieg.vo.tum.de\/wp-content\/uploads\/2019\/03\/M_28-P10.jpg?w=481&amp;ssl=1 481w, https:\/\/i0.wp.com\/www.akaflieg.vo.tum.de\/wp-content\/uploads\/2019\/03\/M_28-P10.jpg?resize=300%2C230&amp;ssl=1 300w, https:\/\/i0.wp.com\/www.akaflieg.vo.tum.de\/wp-content\/uploads\/2019\/03\/M_28-P10.jpg?resize=16%2C12&amp;ssl=1 16w\" sizes=\"100vw\" \/>\t\t\t\t\t\t\t\t\t\t\t\t\t\t\t<\/div>\n\t\t\t\t<\/div>\n\t\t\t\t<div class=\"elementor-element elementor-element-dba8795 elementor-widget elementor-widget-image\" data-id=\"dba8795\" data-element_type=\"widget\" data-e-type=\"widget\" data-widget_type=\"image.default\">\n\t\t\t\t<div class=\"elementor-widget-container\">\n\t\t\t\t\t\t\t\t\t\t\t\t\t\t\t<img decoding=\"async\" data-attachment-id=\"1734\" data-permalink=\"https:\/\/www.akaflieg.vo.tum.de\/en\/mue-28-1983\/mue28-dsr\/\" data-orig-file=\"https:\/\/i0.wp.com\/www.akaflieg.vo.tum.de\/wp-content\/uploads\/2019\/03\/Mue28-dsr.gif?fit=500%2C349&amp;ssl=1\" data-orig-size=\"500,349\" data-comments-opened=\"1\" data-image-meta=\"{&quot;aperture&quot;:&quot;0&quot;,&quot;credit&quot;:&quot;&quot;,&quot;camera&quot;:&quot;&quot;,&quot;caption&quot;:&quot;&quot;,&quot;created_timestamp&quot;:&quot;0&quot;,&quot;copyright&quot;:&quot;&quot;,&quot;focal_length&quot;:&quot;0&quot;,&quot;iso&quot;:&quot;0&quot;,&quot;shutter_speed&quot;:&quot;0&quot;,&quot;title&quot;:&quot;&quot;,&quot;orientation&quot;:&quot;0&quot;}\" data-image-title=\"Mue28-dsr\" data-image-description=\"\" data-image-caption=\"&lt;p&gt;M\u00fc28&lt;\/p&gt;\" data-large-file=\"https:\/\/i0.wp.com\/www.akaflieg.vo.tum.de\/wp-content\/uploads\/2019\/03\/Mue28-dsr.gif?fit=500%2C349&amp;ssl=1\" width=\"500\" height=\"349\" src=\"https:\/\/i0.wp.com\/www.akaflieg.vo.tum.de\/wp-content\/uploads\/2019\/03\/Mue28-dsr.gif?fit=500%2C349&amp;ssl=1\" class=\"attachment-large size-large wp-image-1734\" alt=\"\" sizes=\"100vw\" \/>\t\t\t\t\t\t\t\t\t\t\t\t\t\t\t<\/div>\n\t\t\t\t<\/div>\n\t\t\t\t<div class=\"elementor-element elementor-element-89b7b76 elementor-widget elementor-widget-image\" data-id=\"89b7b76\" data-element_type=\"widget\" data-e-type=\"widget\" data-widget_type=\"image.default\">\n\t\t\t\t<div class=\"elementor-widget-container\">\n\t\t\t\t\t\t\t\t\t\t\t\t\t\t\t<img loading=\"lazy\" decoding=\"async\" data-attachment-id=\"1735\" data-permalink=\"https:\/\/www.akaflieg.vo.tum.de\/en\/mue-28-1983\/m_28-p12\/\" data-orig-file=\"https:\/\/i0.wp.com\/www.akaflieg.vo.tum.de\/wp-content\/uploads\/2019\/03\/M_28-P12.jpg?fit=499%2C367&amp;ssl=1\" data-orig-size=\"499,367\" data-comments-opened=\"1\" data-image-meta=\"{&quot;aperture&quot;:&quot;0&quot;,&quot;credit&quot;:&quot;&quot;,&quot;camera&quot;:&quot;&quot;,&quot;caption&quot;:&quot;&quot;,&quot;created_timestamp&quot;:&quot;0&quot;,&quot;copyright&quot;:&quot;&quot;,&quot;focal_length&quot;:&quot;0&quot;,&quot;iso&quot;:&quot;0&quot;,&quot;shutter_speed&quot;:&quot;0&quot;,&quot;title&quot;:&quot;&quot;,&quot;orientation&quot;:&quot;0&quot;}\" data-image-title=\"M_28-P12\" data-image-description=\"\" data-image-caption=\"\" data-large-file=\"https:\/\/i0.wp.com\/www.akaflieg.vo.tum.de\/wp-content\/uploads\/2019\/03\/M_28-P12.jpg?fit=499%2C367&amp;ssl=1\" width=\"499\" height=\"367\" src=\"https:\/\/i0.wp.com\/www.akaflieg.vo.tum.de\/wp-content\/uploads\/2019\/03\/M_28-P12.jpg?fit=499%2C367&amp;ssl=1\" class=\"attachment-large size-large wp-image-1735\" alt=\"\" srcset=\"https:\/\/i0.wp.com\/www.akaflieg.vo.tum.de\/wp-content\/uploads\/2019\/03\/M_28-P12.jpg?w=499&amp;ssl=1 499w, https:\/\/i0.wp.com\/www.akaflieg.vo.tum.de\/wp-content\/uploads\/2019\/03\/M_28-P12.jpg?resize=300%2C221&amp;ssl=1 300w, https:\/\/i0.wp.com\/www.akaflieg.vo.tum.de\/wp-content\/uploads\/2019\/03\/M_28-P12.jpg?resize=16%2C12&amp;ssl=1 16w\" sizes=\"100vw\" \/>\t\t\t\t\t\t\t\t\t\t\t\t\t\t\t<\/div>\n\t\t\t\t<\/div>\n\t\t\t\t\t<\/div>\n\t\t<\/div>\n\t\t\t\t<div class=\"elementor-column elementor-col-50 elementor-top-column elementor-element elementor-element-287035c\" data-id=\"287035c\" data-element_type=\"column\" data-e-type=\"column\">\n\t\t\t<div class=\"elementor-widget-wrap elementor-element-populated\">\n\t\t\t\t\t\t<div class=\"elementor-element elementor-element-ad46697 elementor-widget elementor-widget-text-editor\" data-id=\"ad46697\" data-element_type=\"widget\" data-e-type=\"widget\" data-widget_type=\"text-editor.default\">\n\t\t\t\t<div class=\"elementor-widget-container\">\n\t\t\t\t\t\t\t\t\t<p>Mit ihren 12 m Spannweite und einer R\u00fcstmasse von 315 kg stellt die M\u00fc 28 das bisher erfolgreichste Projekt der Akaflieg M\u00fcnchen dar. Als die M\u00fc 28 am 8. August 1983 zu ihrem Erstflug startete, begann die Flugerprobung eines Prototyps, der zum ersten Mal kompromisslos f\u00fcr den Kunstflug ausgelegt wurde. Mit ertragbaren +\/- 10 g Lastvielfachen und einer H\u00f6chstgeschwindigkeit von 380km\/h wurde ein Kunstflugzeug erdacht, welches nur noch durch die Physis seines Piloten begrenzt\u00a0wird. <\/p>\n<p>Durch Kombination eines symmetrischen Profils mit einer W\u00f6lbklappenautomatik wurde erreicht, dass die M\u00fc 28 sowohl im Normalflug wie auch im R\u00fcckenflug die gleichen Flugleistungen und -eigenschaften aufweist, wodurch sich ein harmonisches Flugbild beim R\u00fcckenflug wie auch bei Kunstflugfiguren einstellt. Seit die M\u00fc 28 1984 zum ersten Mal an einer Segelkunstflugmeisterschaft teilnahm, wurde sie zum gerngesehenen Dauergast bei solchen Veranstaltungen und reiste deshalb durch ganz Europa. Da teilweise bis zu neun Piloten mit ihr in der Wertungsliste auftauchten, wurde der Anschein erweckt, dass mehrere Flugzeuge dieses Typs existieren, tats\u00e4chlich handelte es sich dabei aber immer um unsere einzige M\u00fc 28. Inzwischen hat die M\u00fc 28 fast 4000 Starts und weit \u00fcber 1000 Flugstunden auf dem Buckel. Sie war auf unz\u00e4hligen nationalen und internationalen Wettbewerben vertreten, geflogen von Piloten aus den unterschiedlichsten L\u00e4ndern. In ihrem Bordbuch sind Fl\u00fcge in Deutschland, Ungarn, \u00d6sterreich, Schweiz, Frankreich, T\u00fcrkei, Belgien und den Niederlanden verzeichnet. Nur etwa 5% der Fl\u00fcge fanden an ihrem Stationierungsort, dem Segelfluggel\u00e4nde K\u00f6nigsdorf, statt.<\/p>\t\t\t\t\t\t\t\t<\/div>\n\t\t\t\t<\/div>\n\t\t\t\t\t<\/div>\n\t\t<\/div>\n\t\t\t\t\t<\/div>\n\t\t<\/section>\n\t\t\t\t<section class=\"elementor-section elementor-top-section elementor-element elementor-element-a8fb637 elementor-section-boxed elementor-section-height-default elementor-section-height-default\" data-id=\"a8fb637\" data-element_type=\"section\" data-e-type=\"section\">\n\t\t\t\t\t\t<div class=\"elementor-container elementor-column-gap-default\">\n\t\t\t\t\t<div class=\"elementor-column elementor-col-100 elementor-top-column elementor-element elementor-element-5e83467\" data-id=\"5e83467\" data-element_type=\"column\" data-e-type=\"column\">\n\t\t\t<div class=\"elementor-widget-wrap elementor-element-populated\">\n\t\t\t\t\t\t<div class=\"elementor-element elementor-element-3916122 elementor-widget elementor-widget-text-editor\" data-id=\"3916122\" data-element_type=\"widget\" data-e-type=\"widget\" data-widget_type=\"text-editor.default\">\n\t\t\t\t<div class=\"elementor-widget-container\">\n\t\t\t\t\t\t\t\t\t<p><em><strong>M\u00fc 28 \u2013 Sports success<\/strong><\/em><\/p>\n<p>\u00dcber die Jahre sammelten unsere Mitglieder mit der M\u00fc 28 zahlreiche gute Platzierungen an:<\/p>\n<ul>\n<li>1984: Bavarian championship in gliding aerobatics, Halbacro, Thannhausen: 3rd place<\/li>\n<li>1985: German championship in gliding aerobatics, Vollacro, Hockenheim: 14th place<\/li>\n<li>1986: International Andrzeij Ablamowicz Memorial Cup, Rybnik, Poland: 3rd place<\/li>\n<li>1986: Bavarian championship in gliding aerobatics, Vollacro, Thannhausen: 5th place<\/li>\n<li>1987: German championship in gliding aerobatics, Vollacro, Paderborn: 2nd place<\/li>\n<li>1987: World Championship in Gliding Aerobatics, Bielsko-Biala, Poland: total 16th place, Free Dance 3rd place (3rd place in Free Flight meant a World Championship medal for an Akaflieger on M\u00fc 28)<\/li>\n<li>1990: German Championship in Gliding Aerobatics, Vollacro, Aue Hattorf<\/li>\n<li>1991: Bavarian championship in gliding aerobatics, Pfarrkirchen: 3rd place<\/li>\n<li>1991: World championship gliding aerobatics in Zielona Gora, Poland: 13th place<\/li>\n<\/ul>\n<p><em><strong>\u00a0<\/strong><\/em>2007 hat Tino Wunderlich am Salzmann Cup, einem der bekanntesten Wettbewerbe im Segelkunstflug in Deutschland teilgenommen.<\/p>\n<p>Auch heute noch sind mit der M\u00fc 28 erfolgreiche Wettbewerbsteilnahmen m\u00f6glich, wie unser Sascha 2011 zeigte &#8211; er erflog bei der deutschen Meisterschaft im Segelkunstflug einen souver\u00e4nen 1. Platz und konnte damit an der WM teilnehmen.\u00a0 Auch den Salzmann-Cup gewann er mit der M\u00fc 28.<\/p>\t\t\t\t\t\t\t\t<\/div>\n\t\t\t\t<\/div>\n\t\t\t\t\t<\/div>\n\t\t<\/div>\n\t\t\t\t\t<\/div>\n\t\t<\/section>\n\t\t\t\t<section class=\"elementor-section elementor-top-section elementor-element elementor-element-640be0d elementor-section-boxed elementor-section-height-default elementor-section-height-default\" data-id=\"640be0d\" data-element_type=\"section\" data-e-type=\"section\">\n\t\t\t\t\t\t<div class=\"elementor-container elementor-column-gap-default\">\n\t\t\t\t\t<div class=\"elementor-column elementor-col-50 elementor-top-column elementor-element elementor-element-7cad87e\" data-id=\"7cad87e\" data-element_type=\"column\" data-e-type=\"column\">\n\t\t\t<div class=\"elementor-widget-wrap elementor-element-populated\">\n\t\t\t\t\t\t<div class=\"elementor-element elementor-element-8e15520 elementor-widget elementor-widget-image\" data-id=\"8e15520\" data-element_type=\"widget\" data-e-type=\"widget\" data-widget_type=\"image.default\">\n\t\t\t\t<div class=\"elementor-widget-container\">\n\t\t\t\t\t\t\t\t\t\t\t\t\t\t\t<img loading=\"lazy\" decoding=\"async\" data-attachment-id=\"1736\" data-permalink=\"https:\/\/www.akaflieg.vo.tum.de\/en\/mue-28-1983\/attachment\/28\/\" data-orig-file=\"https:\/\/i0.wp.com\/www.akaflieg.vo.tum.de\/wp-content\/uploads\/2019\/03\/28.png?fit=890%2C581&amp;ssl=1\" data-orig-size=\"890,581\" data-comments-opened=\"1\" data-image-meta=\"{&quot;aperture&quot;:&quot;0&quot;,&quot;credit&quot;:&quot;&quot;,&quot;camera&quot;:&quot;&quot;,&quot;caption&quot;:&quot;&quot;,&quot;created_timestamp&quot;:&quot;0&quot;,&quot;copyright&quot;:&quot;&quot;,&quot;focal_length&quot;:&quot;0&quot;,&quot;iso&quot;:&quot;0&quot;,&quot;shutter_speed&quot;:&quot;0&quot;,&quot;title&quot;:&quot;&quot;,&quot;orientation&quot;:&quot;0&quot;}\" data-image-title=\"28\" data-image-description=\"\" data-image-caption=\"\" data-large-file=\"https:\/\/i0.wp.com\/www.akaflieg.vo.tum.de\/wp-content\/uploads\/2019\/03\/28.png?fit=890%2C581&amp;ssl=1\" width=\"890\" height=\"581\" src=\"https:\/\/i0.wp.com\/www.akaflieg.vo.tum.de\/wp-content\/uploads\/2019\/03\/28.png?fit=890%2C581&amp;ssl=1\" class=\"attachment-large size-large wp-image-1736\" alt=\"\" srcset=\"https:\/\/i0.wp.com\/www.akaflieg.vo.tum.de\/wp-content\/uploads\/2019\/03\/28.png?w=890&amp;ssl=1 890w, https:\/\/i0.wp.com\/www.akaflieg.vo.tum.de\/wp-content\/uploads\/2019\/03\/28.png?resize=300%2C196&amp;ssl=1 300w, https:\/\/i0.wp.com\/www.akaflieg.vo.tum.de\/wp-content\/uploads\/2019\/03\/28.png?resize=768%2C501&amp;ssl=1 768w, https:\/\/i0.wp.com\/www.akaflieg.vo.tum.de\/wp-content\/uploads\/2019\/03\/28.png?resize=18%2C12&amp;ssl=1 18w, https:\/\/i0.wp.com\/www.akaflieg.vo.tum.de\/wp-content\/uploads\/2019\/03\/28.png?resize=600%2C392&amp;ssl=1 600w\" sizes=\"100vw\" \/>\t\t\t\t\t\t\t\t\t\t\t\t\t\t\t<\/div>\n\t\t\t\t<\/div>\n\t\t\t\t\t<\/div>\n\t\t<\/div>\n\t\t\t\t<div class=\"elementor-column elementor-col-50 elementor-top-column elementor-element elementor-element-0303756\" data-id=\"0303756\" data-element_type=\"column\" data-e-type=\"column\">\n\t\t\t<div class=\"elementor-widget-wrap elementor-element-populated\">\n\t\t\t\t\t\t<div class=\"elementor-element elementor-element-315e069 elementor-widget elementor-widget-image\" data-id=\"315e069\" data-element_type=\"widget\" data-e-type=\"widget\" data-widget_type=\"image.default\">\n\t\t\t\t<div class=\"elementor-widget-container\">\n\t\t\t\t\t\t\t\t\t\t\t\t\t\t\t<img loading=\"lazy\" decoding=\"async\" data-attachment-id=\"1738\" data-permalink=\"https:\/\/www.akaflieg.vo.tum.de\/en\/mue-28-1983\/meisterschaft\/\" data-orig-file=\"https:\/\/i0.wp.com\/www.akaflieg.vo.tum.de\/wp-content\/uploads\/2019\/03\/meisterschaft.jpg?fit=196%2C300&amp;ssl=1\" data-orig-size=\"196,300\" data-comments-opened=\"1\" data-image-meta=\"{&quot;aperture&quot;:&quot;4&quot;,&quot;credit&quot;:&quot;Stephan Peereboom&quot;,&quot;camera&quot;:&quot;Canon EOS 550D&quot;,&quot;caption&quot;:&quot;&quot;,&quot;created_timestamp&quot;:&quot;1311446916&quot;,&quot;copyright&quot;:&quot;Grabenstr.24 02929 ROTHENBURG\/OL STEPHAN PEEREBOOM&quot;,&quot;focal_length&quot;:&quot;18&quot;,&quot;iso&quot;:&quot;640&quot;,&quot;shutter_speed&quot;:&quot;0.0125&quot;,&quot;title&quot;:&quot;&quot;,&quot;orientation&quot;:&quot;1&quot;}\" data-image-title=\"meisterschaft\" data-image-description=\"\" data-image-caption=\"\" data-large-file=\"https:\/\/i0.wp.com\/www.akaflieg.vo.tum.de\/wp-content\/uploads\/2019\/03\/meisterschaft.jpg?fit=196%2C300&amp;ssl=1\" width=\"196\" height=\"300\" src=\"https:\/\/i0.wp.com\/www.akaflieg.vo.tum.de\/wp-content\/uploads\/2019\/03\/meisterschaft.jpg?fit=196%2C300&amp;ssl=1\" class=\"attachment-large size-large wp-image-1738\" alt=\"\" srcset=\"https:\/\/i0.wp.com\/www.akaflieg.vo.tum.de\/wp-content\/uploads\/2019\/03\/meisterschaft.jpg?w=196&amp;ssl=1 196w, https:\/\/i0.wp.com\/www.akaflieg.vo.tum.de\/wp-content\/uploads\/2019\/03\/meisterschaft.jpg?resize=8%2C12&amp;ssl=1 8w\" sizes=\"100vw\" \/>\t\t\t\t\t\t\t\t\t\t\t\t\t\t\t<\/div>\n\t\t\t\t<\/div>\n\t\t\t\t\t<\/div>\n\t\t<\/div>\n\t\t\t\t\t<\/div>\n\t\t<\/section>\n\t\t\t\t<section class=\"elementor-section elementor-top-section elementor-element elementor-element-9788acc elementor-section-boxed elementor-section-height-default elementor-section-height-default\" data-id=\"9788acc\" data-element_type=\"section\" data-e-type=\"section\">\n\t\t\t\t\t\t<div class=\"elementor-container elementor-column-gap-default\">\n\t\t\t\t\t<div class=\"elementor-column elementor-col-100 elementor-top-column elementor-element elementor-element-a30e2b0\" data-id=\"a30e2b0\" data-element_type=\"column\" data-e-type=\"column\">\n\t\t\t<div class=\"elementor-widget-wrap elementor-element-populated\">\n\t\t\t\t\t\t<div class=\"elementor-element elementor-element-7dc6a98 elementor-widget elementor-widget-image\" data-id=\"7dc6a98\" data-element_type=\"widget\" data-e-type=\"widget\" data-widget_type=\"image.default\">\n\t\t\t\t<div class=\"elementor-widget-container\">\n\t\t\t\t\t\t\t\t\t\t\t\t\t\t\t<img loading=\"lazy\" decoding=\"async\" data-attachment-id=\"1739\" data-permalink=\"https:\/\/www.akaflieg.vo.tum.de\/en\/mue-28-1983\/m_28-p14\/\" data-orig-file=\"https:\/\/i0.wp.com\/www.akaflieg.vo.tum.de\/wp-content\/uploads\/2019\/03\/M_28-P14.jpg?fit=703%2C457&amp;ssl=1\" data-orig-size=\"703,457\" data-comments-opened=\"1\" data-image-meta=\"{&quot;aperture&quot;:&quot;0&quot;,&quot;credit&quot;:&quot;&quot;,&quot;camera&quot;:&quot;&quot;,&quot;caption&quot;:&quot;&quot;,&quot;created_timestamp&quot;:&quot;0&quot;,&quot;copyright&quot;:&quot;&quot;,&quot;focal_length&quot;:&quot;0&quot;,&quot;iso&quot;:&quot;0&quot;,&quot;shutter_speed&quot;:&quot;0&quot;,&quot;title&quot;:&quot;&quot;,&quot;orientation&quot;:&quot;0&quot;}\" data-image-title=\"M_28-P14\" data-image-description=\"\" data-image-caption=\"\" data-large-file=\"https:\/\/i0.wp.com\/www.akaflieg.vo.tum.de\/wp-content\/uploads\/2019\/03\/M_28-P14.jpg?fit=703%2C457&amp;ssl=1\" width=\"703\" height=\"457\" src=\"https:\/\/i0.wp.com\/www.akaflieg.vo.tum.de\/wp-content\/uploads\/2019\/03\/M_28-P14.jpg?fit=703%2C457&amp;ssl=1\" class=\"attachment-large size-large wp-image-1739\" alt=\"\" srcset=\"https:\/\/i0.wp.com\/www.akaflieg.vo.tum.de\/wp-content\/uploads\/2019\/03\/M_28-P14.jpg?w=703&amp;ssl=1 703w, https:\/\/i0.wp.com\/www.akaflieg.vo.tum.de\/wp-content\/uploads\/2019\/03\/M_28-P14.jpg?resize=300%2C195&amp;ssl=1 300w, https:\/\/i0.wp.com\/www.akaflieg.vo.tum.de\/wp-content\/uploads\/2019\/03\/M_28-P14.jpg?resize=18%2C12&amp;ssl=1 18w, https:\/\/i0.wp.com\/www.akaflieg.vo.tum.de\/wp-content\/uploads\/2019\/03\/M_28-P14.jpg?resize=600%2C390&amp;ssl=1 600w\" sizes=\"100vw\" \/>\t\t\t\t\t\t\t\t\t\t\t\t\t\t\t<\/div>\n\t\t\t\t<\/div>\n\t\t\t\t\t<\/div>\n\t\t<\/div>\n\t\t\t\t\t<\/div>\n\t\t<\/section>\n\t\t\t\t<\/div>","protected":false},"excerpt":{"rendered":"<p>K\u00f6nigsdorf, Segelfluggel\u00e4nde: Es ist Sonntagvormittag gegen 11 Uhr, der Funk kr\u00e4chzt und man h\u00f6rt: \u201eAlles frei, du kannst anfangen\u201c.\u00a0 Kurz nach dieser Meldung kann man sie sehen, wie sie sich mit atemberaubenden Figuren Richtung Erdboden schraubt und nur die Leistung des Piloten ihr Grenzen setzt. Die Rede ist hier nat\u00fcrlich von unserer M\u00fc 28, dem &hellip; <\/p>\n<p class=\"link-more\"><a href=\"https:\/\/www.akaflieg.vo.tum.de\/en\/mue-28-1983\/\" class=\"more-link\">Read more<span class=\"screen-reader-text\"> &#8222;M\u00fc 28 (1983)&#8220;<\/span><\/a><\/p>","protected":false},"author":4,"featured_media":0,"parent":0,"menu_order":0,"comment_status":"closed","ping_status":"closed","template":"","meta":{"inspiro_hide_title":false,"footnotes":""},"class_list":["post-1731","page","type-page","status-publish","hentry"],"jetpack_sharing_enabled":true,"featured_media_urls":[],"_links":{"self":[{"href":"https:\/\/www.akaflieg.vo.tum.de\/en\/wp-json\/wp\/v2\/pages\/1731","targetHints":{"allow":["GET"]}}],"collection":[{"href":"https:\/\/www.akaflieg.vo.tum.de\/en\/wp-json\/wp\/v2\/pages"}],"about":[{"href":"https:\/\/www.akaflieg.vo.tum.de\/en\/wp-json\/wp\/v2\/types\/page"}],"author":[{"embeddable":true,"href":"https:\/\/www.akaflieg.vo.tum.de\/en\/wp-json\/wp\/v2\/users\/4"}],"replies":[{"embeddable":true,"href":"https:\/\/www.akaflieg.vo.tum.de\/en\/wp-json\/wp\/v2\/comments?post=1731"}],"version-history":[{"count":35,"href":"https:\/\/www.akaflieg.vo.tum.de\/en\/wp-json\/wp\/v2\/pages\/1731\/revisions"}],"predecessor-version":[{"id":3467,"href":"https:\/\/www.akaflieg.vo.tum.de\/en\/wp-json\/wp\/v2\/pages\/1731\/revisions\/3467"}],"wp:attachment":[{"href":"https:\/\/www.akaflieg.vo.tum.de\/en\/wp-json\/wp\/v2\/media?parent=1731"}],"curies":[{"name":"wp","href":"https:\/\/api.w.org\/{rel}","templated":true}]}}